{"id":789,"date":"2020-12-15T18:46:18","date_gmt":"2020-12-15T18:46:18","guid":{"rendered":"https:\/\/rogelioubedainformaticoaguadulce.tech\/?page_id=789"},"modified":"2020-12-16T18:20:55","modified_gmt":"2020-12-16T18:20:55","slug":"errorfallo-xfce-kde","status":"publish","type":"page","link":"https:\/\/rogelioubedainformaticoaguadulce.tech\/index.php\/errorfallo-xfce-kde\/","title":{"rendered":"errorFallo xfce kde"},"content":{"rendered":"\n<h2 class=\"wp-block-heading\">Error Fallo en entorno de escritorio Xfce y KDE<\/h2>\n\n\n\n<h3 class=\"wp-block-heading\"><strong><a href=\"https:\/\/rogelioubedainformaticoaguadulce.tech\/\">regresar a la pagina inicial (home)<\/a><\/strong><\/h3>\n\n\n\n<h4 class=\"wp-block-heading\" id=\"indice\"><strong>indice:<\/strong><\/h4>\n\n\n\n<ul class=\"wp-block-list\"><li>sdf sd fsdf sdfsdf sdfsdfs<\/li><li>sdfsdfs dfsdfsdfs dfsdfsd<\/li><\/ul>\n\n\n\n<p>Linux es solo uno, es el sistema operativo, que es quien \u201copera\u201d trabaja con el hardware del ordenador, con las piezas y hace que funcionen. Es el programa inicial que le ponemos a una computadora. Linux es solo uno, el que hace el <strong>Sr. Linus Torvalds<\/strong> con un mont\u00f3n de colaboradores claro. Luego hay miles de programas, y para programar esas aplicaciones se utilizan unas librer\u00edas de programaci\u00f3n que se usan en los entornos de escritorio.<\/p>\n\n\n\n<p><strong>Entornos de escritorio, hay muchos<\/strong>, unos se parecen mas o menos, unos son mas sencillos y otros tienes que ser ingeniero aeron\u00e1utico, porque con inform\u00e1tico no vale.<\/p>\n\n\n\n<p>Ver la pagina web de distrowatch.com para ver los que hay y observar las fotos de como var\u00edan unos de otros.<\/p>\n\n\n\n<p>Ahora mismo tengo en mi ordenador la distribuci\u00f3n de Linux llamada MX-Linux, esta numero uno a nivel mundial. Cuando yo la prob\u00e9 en mi maquina hace alg\u00fan tiempo v\u00eda USB sin modificar mi sistema, lo hice en un entorno KDE, y por lo tanto cuando fui a instalarla pensaba que se estaba realizando en dicho entorno.<\/p>\n\n\n\n<ul class=\"wp-block-list\"><li><strong>\u00bfporqu\u00e9 pongo KDE?<\/strong>, pues porque es uno de los mas antiguos y prestigiosos, a mi nunca me gust\u00f3, los dos mas antiguos son KDE y GNOME, ahora no se llaman as\u00ed, sino que han evolucionado, el KDE se denomina PLASMA y el GNOME mate, MATE como la hierba mate.<\/li><\/ul>\n\n\n\n<p><strong>\u00bfporqu\u00e9 entonces KDE?<\/strong> Pues porque uso aplicaciones que est\u00e1n dise\u00f1adas para este entorno, uso una que se llama kaffeine, y otra que se llama gwenview, las dos las uso mucho, y no se ven bien o dan problemas en otros entornos.<\/p>\n\n\n\n<ul class=\"wp-block-list\"><li>Yo lo solucionaba instalando el <strong>entorno m\u00ednimo de KDE<\/strong>. Normalmente me sol\u00eda funcionar.<\/li><\/ul>\n\n\n\n<p>Pero ya tenia ganas de probarla. Repito es una de las mas antiguas y prestigiosas.<\/p>\n\n\n\n<p>\u00a1\u00a1\u00a1Jo!!!, y que uno es inform\u00e1tico. \u00a1\u00a1\u00a1Leches!!!<\/p>\n\n\n\n<p>Tengo un gran amigo JOSFER, Jos\u00e9 Fernando en Sevilla, con el cual estudi\u00e9 Arquitectura, y en la sala de los ordenadores se sol\u00eda poner unos carteles que dec\u00edan: \u201cNO TOCAR\u201d, y \u00e9l iba y tocaba. Dec\u00eda que cuando se pone un cartel as\u00ed, incita mas a tocarlo.<\/p>\n\n\n\n<p>Pues yo lo mismo, era una gran tentaci\u00f3n poner el KDE.<\/p>\n\n\n\n<p>KDE= k Desktop Environment, k de cool ponen en algunas paginas, DE= entorno de escritorio.<\/p>\n\n\n\n<p>\u00bfporqu\u00e9 no lo hab\u00eda puesto antes? Porque me parece mas bonito y amigable el MATE. Por poner un peque\u00f1o ejemplo, KDE tiene una <strong>barra de tareas<\/strong> como el Windows, abajo, lo llaman gestor de tareas, por cambiarle el nombre, al igual que un bot\u00f3n inicio como el Windows, pues si la mayor\u00eda venimos de ah\u00ed, pues es el sistema operativo mas difundido\u2026.<\/p>\n\n\n\n<p>\u2026 como dec\u00eda tienen los mismos elementos, y una de las cosas \u201cmejores\u201d que ponen del KDE es que es muy configurable, vamos que te dejan hacer de todo para que est\u00e9 a tu gusto. Tanto te dejan\u2026 \u00a1\u00a1\u00a1QUE TE PERMITEN BORRAR TODO LO ANTERIOR!!! y como les han puesto unos nombres que no reconoces \u201cgestor de tareas\u201d, \u201cadministrador de ventanas\u201d o algo asi, \u201clanzador de aplicaciones\u201d, tienen varios, pues tu vas y los borras por error, vamos con solo pulsar y arrastras los haces desaparecer. Y la ayuda es nula. Todo tecnicismos, plasmoides que nadie sabe lo que son.<\/p>\n\n\n\n<p><strong>Y cuando borras la barra de tareas, el bot\u00f3n inicio, no puedes ejecutar ning\u00fan programa.<\/strong><\/p>\n\n\n\n<p><strong>Vamos, una gracia.<\/strong><\/p>\n\n\n\n<p>Tiene su porqu\u00e9, es para instalar el dock como el de los ordenadores Apple.<\/p>\n\n\n\n<ul class=\"wp-block-list\"><li><strong>Yo lo veo como una equivocaci\u00f3n, como un error,<\/strong> y deber\u00eda de aparecer una ventana de aviso en rojo y poniendo bien claro lo que vas a hacer, porque es dif\u00edcil su vuelta atr\u00e1s.<\/li><\/ul>\n\n\n\n<p>\u2026<\/p>\n\n\n\n<p>Bueno como comentaba instal\u00e9 el MX-LINUX, es como el hermano mayor de AntiX, colaboran conjuntamente, y pensaba que lo hacia en el entorno KDE, que es el que yo hab\u00eda probado en mi maquina y que me hab\u00eda cargado la barra de tareas y el bot\u00f3n inicio. Y resulta que lo estaba instalando en el entorno Xcfe, es el que viene por defecto. No tengo prejuicios para nada, y por lo tanto le d\u00ed un margen de una semana.<\/p>\n\n\n\n<ul class=\"wp-block-list\"><li><strong>Empez\u00f3 a darme problemas, y me decid\u00ed a instalar no el entorno m\u00ednimo, sino el FULL, el completo.<\/strong><\/li><\/ul>\n\n\n\n<p>A un amigo mio Sr. Eduardo del Barsa compa\u00f1ero del gimnasio de Aguadulce, tuvo un problema con el GRUB, tard\u00e9 una semana en solucionarlo, de hecho no lo hice yo, ya prob\u00e9 todo lo que sabia y miles de cosas que busqu\u00e9 por la red, y nada funcion\u00f3. \u00danicamente me qued\u00f3 la opci\u00f3n de instalar Linux a lo bestia, ya hab\u00eda probado varios Linux sin resultado. Y le ofrec\u00ed un UBUNTU, no sabia cual era el que llevaba, y lo solucion\u00f3 como sospechaba. Y le puse el escritorio UNITY, que es el que trae por defecto. Tampoco me gusta, pero <strong>intent\u00e9 lo mismo que hice aqu\u00ed en MX-L<\/strong><strong>inux<\/strong><strong> y all\u00ed no funcion\u00f3, <\/strong><strong>en ubuntu<\/strong>.<\/p>\n\n\n\n<p>Vamos a ver si tu instalas el Desktop Environment DE, completo, tu deber\u00edas de poder cambiar entre uno y otro a tu merced, a tu gusto. Pues en UBUNTU no fu\u00ed capaz.<\/p>\n\n\n\n<p><strong>Aqu\u00ed en MX-Linux si te lo permite.<\/strong><\/p>\n\n\n\n<p>Como se puede ver en las fotos los problemas eran gordos, no se ve\u00edan algunos men\u00fas importantes.<\/p>\n\n\n\n<p>Y algunas letras eran realmente min\u00fasculas, diminutas, te dol\u00edan los ojos.<\/p>\n\n\n\n<p>Aparte en otras instalaciones que hice anteriores, <strong>el consumo de los <\/strong><strong>n\u00facleos<\/strong><strong> del microprocesador se elevaba sin <\/strong><strong>justificaci\u00f3n<\/strong><strong> aparente.<\/strong><\/p>\n\n\n\n<p>Recapitulo, estaba instalando la distribuci\u00f3n de Linux, denominada MX-Linux con escritorio xcfe, le puse adem\u00e1s el KDE.<\/p>\n\n\n\n<p>Pues lo \u00fanico que tuve que hacer es cerrar la sesi\u00f3n en Xcfe, y seleccionar en un peque\u00f1o men\u00fa que sale antes de poner el nombre de usuario y contrase\u00f1a, y seleccionar entorno de escritorio KDE, ahora lo llaman <strong>PLASMA.<\/strong><\/p>\n\n\n\n<p><strong>Y TACHAN, todos los programas se <\/strong><strong>ve\u00edan<\/strong><strong> bien.<\/strong> Que curioso. <strong>En xcfe se <\/strong><strong>apreciaban<\/strong><strong> mal<\/strong>, y al cerrarlo y salir ya se ven bien. Pues porque est\u00e1n programados, configurados y dise\u00f1ados para \u00e9se mismo entorno.<\/p>\n\n\n\n<p>Yo suelo trabajar con una media de <strong>350 mil archivos, pues al instalar el KDE FULL, la broma me ha salido por 500 mil archivos. <\/strong><strong>Considero que es algo excesivo.<\/strong><\/p>\n\n\n\n<p>Va muy bien ojo, el entorno del sistema o el escritorio por defecto sigue siendo xcfe, y por ejemplo en KDE no me deja ejecutar el Synaptic, que curioso. Pero bueno me salgo, instalo lo que quiera en xcfe y luego vuelvo y ya esta instalado en KDE.<\/p>\n\n\n\n<ul class=\"wp-block-list\"><li><strong>Las aplicaciones se ven muy bien en KDE.<\/strong><\/li><\/ul>\n\n\n\n<p>Entonces me vino a la mente la pregunta \u00bfcomo es que yo lo habia probado en mi maquina en KDE a trav\u00e9s de USB? Pues curiosamente, esos mismos d\u00edas vi que acababa de salir la primera beta de la distribuci\u00f3n pero en entorno \u00fanicamente KDE, todav\u00eda hoy es 5 de agosto, no ha salido.<\/p>\n\n\n\n<ul class=\"wp-block-list\"><li>Yo prob\u00e9 la versi\u00f3n beta 2 el 18 de julio y me gust\u00f3 mucho.<\/li><\/ul>\n\n\n\n<p>Bueno como era una prueba, pues el a\u00f1o pasado me fu\u00e9 mal debido a que los n\u00facleos de los microprocesadores se disparaban en el consumo, pueden provocar que quemes el microprocesador, pues bueno, esta prueba se va a acabar y cuando salga instalar\u00e9 el MX-Linux pero en escritorio KDE. \u201cSi Dios quiere\u201d como dicen en el pueblo de mi abuela de Toledo.<\/p>\n\n\n\n<ul class=\"wp-block-list\"><li>Siempre <strong>me da mucha rabia borrar Linux, lo hago cada 6 o 7 meses, pues suele ir muy bien. <\/strong>\u00bfporqu\u00e9 va tan bien? Porque equilibran la utilizaci\u00f3n del disco duro, y hacen que cuanto mas lo uses mas r\u00e1pido va. En contra est\u00e1 Windows que cuanto mas lo usas peor va. Por eso yo procuro tocarlo lo menos posible.<\/li><\/ul>\n\n\n\n<p>\u00bfy porque lo borro? \u00bfHe dicho que soy inform\u00e1tico? Pues por probar, por aprender, por borrar todo lo que pudiera haber\u2026 hay miles de razones.<\/p>\n\n\n\n<p>Aqu\u00ed dejo algunas muestras de miles de errores, de pantallas que no se ven bien, todo solucionado por cierto. Aunque haya errores, pues los seres humanos los cometemos, <strong>yo me quedo mil veces con Linux<\/strong>, pues puedes solventarlo y tienes ayuda de miles de programadores como el que firma \u00e9ste documento Rogelio \u00dabeda.<\/p>\n\n\n\n<ul class=\"wp-block-list\"><li><strong>Conclusi\u00f3n Xfce malo no me gusta <\/strong><strong>y no se ve bien<\/strong><strong>, KDE bueno, se ve bien<\/strong>.<\/li><\/ul>\n\n\n\n<p><strong>Sr. Eduardo<\/strong>, he hecho un v\u00eddeo demostrando que se puede poner un escritorio, Xcfe o Unity, y luego cargar otro escritorio despu\u00e9s el KDE. Lo pondr\u00e9 en cuanto me dejen.<\/p>\n\n\n\n<p>Una de las razones importantes para que no me guste el <strong>Xcfe es que trae un administrador de tareas en donde los <\/strong><strong>n\u00facleos<\/strong><strong>, solo aparecen en un <\/strong><strong>gr\u00e1fico.<\/strong> En mi caso tengo 2 n\u00facleos divididos en otros dos. En total tendr\u00eda como 4 n\u00facleos, significa que podr\u00eda ejecutar 4 aplicaciones a la vez.<\/p>\n\n\n\n<p>Y como se aprecia en algunas de las fotos, hay en unos momentos donde alg\u00fan n\u00facleo se ha quedado colgado, lo que significa que <strong>\u00e9se <\/strong><strong>n\u00facleo<\/strong><strong> en concreto esta al 100 por cien de capacidad<\/strong>, y por lo tanto al m\u00e1ximo de lo que puede dar y<strong>podr\u00edamos<\/strong><strong> quemar el microprocesador si esta <\/strong><strong>situaci\u00f3n<\/strong><strong> se mantiene<\/strong>. Yo r\u00e1pidamente lo detecto, busco la aplicaci\u00f3n que esta dando problemas y la cierro o la elimino. Kill en ingles.<\/p>\n\n\n\n<p>Si me ponen un \u00fanico gr\u00e1fico, no se ve si hay alg\u00fan n\u00facleo al m\u00e1ximo, como se puede ver en las fotos.<\/p>\n\n\n\n<figure class=\"wp-block-image size-large\"><img loading=\"lazy\" decoding=\"async\" width=\"1005\" height=\"1024\" src=\"https:\/\/rogelioubedainformaticoaguadulce.tech\/wp-content\/uploads\/2020\/12\/01-errorFallo-xfce-kde-LibreOffice-y-explorador-no-personalizacion-sistema-no-dark-1005x1024.jpg\" alt=\"\" class=\"wp-image-807\" srcset=\"https:\/\/rogelioubedainformaticoaguadulce.tech\/wp-content\/uploads\/2020\/12\/01-errorFallo-xfce-kde-LibreOffice-y-explorador-no-personalizacion-sistema-no-dark-1005x1024.jpg 1005w, https:\/\/rogelioubedainformaticoaguadulce.tech\/wp-content\/uploads\/2020\/12\/01-errorFallo-xfce-kde-LibreOffice-y-explorador-no-personalizacion-sistema-no-dark-294x300.jpg 294w, https:\/\/rogelioubedainformaticoaguadulce.tech\/wp-content\/uploads\/2020\/12\/01-errorFallo-xfce-kde-LibreOffice-y-explorador-no-personalizacion-sistema-no-dark-768x783.jpg 768w, https:\/\/rogelioubedainformaticoaguadulce.tech\/wp-content\/uploads\/2020\/12\/01-errorFallo-xfce-kde-LibreOffice-y-explorador-no-personalizacion-sistema-no-dark-1507x1536.jpg 1507w, https:\/\/rogelioubedainformaticoaguadulce.tech\/wp-content\/uploads\/2020\/12\/01-errorFallo-xfce-kde-LibreOffice-y-explorador-no-personalizacion-sistema-no-dark.jpg 1728w\" sizes=\"auto, (max-width: 1005px) 100vw, 1005px\" \/><figcaption>01 errorFallo xfce kde LibreOffice y explorador no personalizacion sistema no dark<\/figcaption><\/figure>\n\n\n\n<p>unos se ven muy peque\u00f1os los botones hasta el punto de no verse bien. Otros salen en blanco no cogiendo el tema dark, oscuro.<\/p>\n\n\n\n<figure class=\"wp-block-image size-large\"><img loading=\"lazy\" decoding=\"async\" width=\"1235\" height=\"2560\" src=\"https:\/\/rogelioubedainformaticoaguadulce.tech\/wp-content\/uploads\/2020\/12\/02-errorFallo-xfce-kde-micro-consumo-100-por-cien-xfce-y-kde-scaled.jpg\" alt=\"\" class=\"wp-image-808\" srcset=\"https:\/\/rogelioubedainformaticoaguadulce.tech\/wp-content\/uploads\/2020\/12\/02-errorFallo-xfce-kde-micro-consumo-100-por-cien-xfce-y-kde-scaled.jpg 1235w, https:\/\/rogelioubedainformaticoaguadulce.tech\/wp-content\/uploads\/2020\/12\/02-errorFallo-xfce-kde-micro-consumo-100-por-cien-xfce-y-kde-145x300.jpg 145w\" sizes=\"auto, (max-width: 1235px) 100vw, 1235px\" \/><\/figure>\n\n\n\n<p>Monitor de sistema controla el tanto por ciento de los nucleos del microprocesador. Si se dispara el consumo se puede quemar.<\/p>\n\n\n\n<figure class=\"wp-block-image size-large\"><img loading=\"lazy\" decoding=\"async\" width=\"317\" height=\"841\" src=\"https:\/\/rogelioubedainformaticoaguadulce.tech\/wp-content\/uploads\/2020\/12\/03-errorFallo-xfce-kde-ver-los-4-nucleos-del-microprocesador-1-al-100-por-cien.jpg\" alt=\"\" class=\"wp-image-809\" srcset=\"https:\/\/rogelioubedainformaticoaguadulce.tech\/wp-content\/uploads\/2020\/12\/03-errorFallo-xfce-kde-ver-los-4-nucleos-del-microprocesador-1-al-100-por-cien.jpg 317w, https:\/\/rogelioubedainformaticoaguadulce.tech\/wp-content\/uploads\/2020\/12\/03-errorFallo-xfce-kde-ver-los-4-nucleos-del-microprocesador-1-al-100-por-cien-113x300.jpg 113w\" sizes=\"auto, (max-width: 317px) 100vw, 317px\" \/><figcaption>03 errorFallo xfce kde ver los 4 nucleos del microprocesador 1 al 100 por cien<\/figcaption><\/figure>\n\n\n\n<p>se puede apreciar en la foto como solo un n\u00facleo del micro se ha disparado el consumo. Si no lo vi\u00e9ramos se podr\u00eda quemar el microprocesador intel o AMD.<\/p>\n\n\n\n<figure class=\"wp-block-image size-large\"><img decoding=\"async\" src=\"https:\/\/rogelioubedainformaticoaguadulce.tech\/wp-content\/uploads\/2020\/12\/04-errorFallo-xfce-kde-wordpress-micro-al-100-por-cien-Captura-de-pantalla-2020-01-14-12-20-36.jpg\" alt=\"\" class=\"wp-image-810\"\/><\/figure>\n\n\n\n<p>En la entrada al gestor de bloques Gutenberg, con n, de CMS de wordpress. El microprocesador se dispara en consumo, normalmente no solia durar mucho, de este micro ya viejo, pero si se mantiene seria se\u00f1al de que algo se ha quedado colgado, que no funciona bien.<\/p>\n\n\n\n<p>Consume muchos recursos, es como un procesador de textos, pero que te muestra solo la pantalla en blanco al iniciar. Te llevas un susto enorme, pues no salen botones.<\/p>\n\n\n\n<p>La curva esta al maximo al 100 por cien, por eso no se aprecia bien.<\/p>\n\n\n\n<figure class=\"wp-block-image size-large\"><img decoding=\"async\" src=\"https:\/\/rogelioubedainformaticoaguadulce.tech\/wp-content\/uploads\/2020\/12\/05-errorFallo-xfce-kde-kaffeine-conky-en-xfce-y-kde.jpg\" alt=\"05 errorFallo xfce kde kaffeine conky en xfce y kde\" class=\"wp-image-811\"\/><figcaption>05 errorFallo xfce kde kaffeine conky en xfce y kde<\/figcaption><\/figure>\n\n\n\n<p>Aqui podemos ver como claramente los botones en el entorno xfce no se ven bien, no aparece el texto, abajo tenemos las mismas identicas ventanas en entorno KDE que si se ven bien, son de kaffeine, para ver la tv. Y conky es la que muestra los graficos en la parte derecha de la pantalla con datos de interes genenal.<\/p>\n\n\n\n<p>Claramente KDE se ve bien, xfce no. Y eso que el entorno nativo es el xfce.<\/p>\n\n\n\n<p><a href=\"#indice\">volver a indice (arriba)<\/a><\/p>\n\n\n\n<p>AGRADECIMIENTOS:<\/p>\n\n\n\n<p>P\u00e1gina web realizada con miles de herramientas, todas gratuitas.<\/p>\n\n\n\n<p><strong>GNU\/Linux, Linux Mint, Libre Office, Libre Office Writer, Inkscape, GIMP, Gwenview,\u2026<\/strong><\/p>\n\n\n\n<p>Escrito en lenguaje <strong>HTML, PHP, con CMS WordPress, editor Guttenberg<\/strong><\/p>\n\n\n\n<p><strong>Bajo licencia GPL<\/strong>, abierta a todos con solo poner quien escribi\u00f3 todo \u00e9sto.<\/p>\n\n\n\n<ul class=\"wp-block-list\"><li>Soporte de nombre de dominio gratuito <strong>FREENOM<\/strong>. Muchas gracias.<\/li><\/ul>\n\n\n\n<p><a href=\"https:\/\/www.freenom.com\">https:\/\/www.freenom.com<\/a><\/p>\n\n\n\n<ul class=\"wp-block-list\"><li>Soporte para la pagina web gratuito <strong>000webhost.com<\/strong> . Muchas gracias.<\/li><\/ul>\n\n\n\n<p><a href=\"https:\/\/www.000webhost.com\">https:\/\/www.000webhost.com<\/a><\/p>\n\n\n\n<ul class=\"wp-block-list\"><li>Soporte para copia de la pagina web en <strong>WORDPRESS.COM<\/strong>.. Muchas gracias.<\/li><\/ul>\n\n\n\n<p><a href=\"https:\/\/es.wordpress.com\">https:\/\/es.wordpress.com<\/a><\/p>\n\n\n\n<ul class=\"wp-block-list\"><li>Soporte para graficos y animaciones <a href=\"https:\/\/www.GIFSANIMADOS.org\/\">https:\/\/www.<strong>GIFSANIMADOS<\/strong>.org\/<\/a> \u2026 muchas gracias<\/li><\/ul>\n\n\n\n<p>FIN.<\/p>\n\n\n\n<p><a href=\"#indice\">volver a indice (arriba)<\/a><\/p>\n","protected":false},"excerpt":{"rendered":"<p>Error Fallo en entorno de escritorio Xfce y KDE regresar a la pagina inicial (home) indice: sdf sd fsdf sdfsdf sdfsdfs sdfsdfs dfsdfsdfs dfsdfsd Linux es solo uno, es el sistema operativo, que es quien \u201copera\u201d trabaja con el hardware del ordenador, con las piezas y hace que funcionen. Es el programa inicial que le &hellip; <a href=\"https:\/\/rogelioubedainformaticoaguadulce.tech\/index.php\/errorfallo-xfce-kde\/\" class=\"more-link\">Seguir leyendo <span class=\"screen-reader-text\">errorFallo xfce kde<\/span> <span class=\"meta-nav\">&rarr;<\/span><\/a><\/p>\n","protected":false},"author":1,"featured_media":0,"parent":0,"menu_order":0,"comment_status":"closed","ping_status":"closed","template":"","meta":{"footnotes":""},"class_list":["post-789","page","type-page","status-publish","hentry"],"_links":{"self":[{"href":"https:\/\/rogelioubedainformaticoaguadulce.tech\/index.php\/wp-json\/wp\/v2\/pages\/789","targetHints":{"allow":["GET"]}}],"collection":[{"href":"https:\/\/rogelioubedainformaticoaguadulce.tech\/index.php\/wp-json\/wp\/v2\/pages"}],"about":[{"href":"https:\/\/rogelioubedainformaticoaguadulce.tech\/index.php\/wp-json\/wp\/v2\/types\/page"}],"author":[{"embeddable":true,"href":"https:\/\/rogelioubedainformaticoaguadulce.tech\/index.php\/wp-json\/wp\/v2\/users\/1"}],"replies":[{"embeddable":true,"href":"https:\/\/rogelioubedainformaticoaguadulce.tech\/index.php\/wp-json\/wp\/v2\/comments?post=789"}],"version-history":[{"count":5,"href":"https:\/\/rogelioubedainformaticoaguadulce.tech\/index.php\/wp-json\/wp\/v2\/pages\/789\/revisions"}],"predecessor-version":[{"id":813,"href":"https:\/\/rogelioubedainformaticoaguadulce.tech\/index.php\/wp-json\/wp\/v2\/pages\/789\/revisions\/813"}],"wp:attachment":[{"href":"https:\/\/rogelioubedainformaticoaguadulce.tech\/index.php\/wp-json\/wp\/v2\/media?parent=789"}],"curies":[{"name":"wp","href":"https:\/\/api.w.org\/{rel}","templated":true}]}}